{"id":3108,"date":"2024-03-28T13:03:52","date_gmt":"2024-03-28T12:03:52","guid":{"rendered":"https:\/\/cameralpina.ch\/buchen-2\/"},"modified":"2025-02-07T11:53:37","modified_gmt":"2025-02-07T10:53:37","slug":"buchen-2","status":"publish","type":"page","link":"https:\/\/cameralpina.ch\/de\/buchen-2\/","title":{"rendered":"BUCHEN"},"content":{"rendered":"\t\t<div data-elementor-type=\"wp-page\" data-elementor-id=\"3108\" class=\"elementor elementor-3108 elementor-2838\" data-elementor-post-type=\"page\">\n\t\t\t\t<div class=\"elementor-element elementor-element-93263f3 e-flex e-con-boxed e-con e-parent\" data-id=\"93263f3\" data-element_type=\"container\" data-settings=\"{&quot;background_background&quot;:&quot;classic&quot;}\">\n\t\t\t\t\t<div class=\"e-con-inner\">\n\t\t<div class=\"elementor-element elementor-element-6c32ff7 e-flex e-con-boxed e-con e-child\" data-id=\"6c32ff7\" data-element_type=\"container\">\n\t\t\t\t\t<div class=\"e-con-inner\">\n\t\t\t\t<div class=\"elementor-element elementor-element-6221a50 elementor-widget elementor-widget-heading\" data-id=\"6221a50\" data-element_type=\"widget\" data-widget_type=\"heading.default\">\n\t\t\t\t<div class=\"elementor-widget-container\">\n\t\t\t\t\t<h1 class=\"elementor-heading-title elementor-size-default\">Alpines<\/h1>\t\t\t\t<\/div>\n\t\t\t\t<\/div>\n\t\t\t\t<div class=\"elementor-element elementor-element-955d965 elementor-widget elementor-widget-heading\" data-id=\"955d965\" data-element_type=\"widget\" data-widget_type=\"heading.default\">\n\t\t\t\t<div class=\"elementor-widget-container\">\n\t\t\t\t\t<h2 class=\"elementor-heading-title elementor-size-default\">ZIMMER<\/h2>\t\t\t\t<\/div>\n\t\t\t\t<\/div>\n\t\t\t\t<div class=\"elementor-element elementor-element-f929a7c elementor-widget elementor-widget-text-editor\" data-id=\"f929a7c\" data-element_type=\"widget\" data-widget_type=\"text-editor.default\">\n\t\t\t\t<div class=\"elementor-widget-container\">\n\t\t\t\t\t\t\t\t\t<p>ZIMMER<\/p>\n\t\t\t\t\t\t\t\t<\/div>\n\t\t\t\t<\/div>\n\t\t\t\t\t<\/div>\n\t\t\t\t<\/div>\n\t\t\t\t\t<\/div>\n\t\t\t\t<\/div>\n\t\t<div class=\"elementor-element elementor-element-f392ef8 e-flex e-con-boxed e-con e-parent\" data-id=\"f392ef8\" data-element_type=\"container\">\n\t\t\t\t\t<div class=\"e-con-inner\">\n\t\t\t\t<div class=\"elementor-element elementor-element-29a8e5a elementor-widget elementor-widget-spacer\" data-id=\"29a8e5a\" data-element_type=\"widget\" data-widget_type=\"spacer.default\">\n\t\t\t\t<div class=\"elementor-widget-container\">\n\t\t\t\t\t\t\t<div class=\"elementor-spacer\">\n\t\t\t<div class=\"elementor-spacer-inner\"><\/div>\n\t\t<\/div>\n\t\t\t\t\t\t<\/div>\n\t\t\t\t<\/div>\n\t\t\t\t<div class=\"elementor-element elementor-element-085785a elementor-widget elementor-widget-mphbe-availability-calendar\" data-id=\"085785a\" data-element_type=\"widget\" data-widget_type=\"mphbe-availability-calendar.default\">\n\t\t\t\t<div class=\"elementor-widget-container\">\n\t\t\t\t\t<div class=\"mphb_sc_availability_calendar-wrapper notranslate\">\t<div class=\"mphb-calendar mphb-datepick inlinePicker mphb-calendar--direct-booking\" data-room-type-id=\"2776\" data-monthstoshow=\"2\" data-is_show_prices=\"1\" data-is_truncate_prices=\"1\" data-is_show_prices_currency=\"0\" data-first_available_check_in_date=\"2026-05-01\"><\/div>\n\t<\/div>\t\t\t\t<\/div>\n\t\t\t\t<\/div>\n\t\t\t\t<div class=\"elementor-element elementor-element-fbf7e5f elementor-widget elementor-widget-spacer\" data-id=\"fbf7e5f\" data-element_type=\"widget\" data-widget_type=\"spacer.default\">\n\t\t\t\t<div class=\"elementor-widget-container\">\n\t\t\t\t\t\t\t<div class=\"elementor-spacer\">\n\t\t\t<div class=\"elementor-spacer-inner\"><\/div>\n\t\t<\/div>\n\t\t\t\t\t\t<\/div>\n\t\t\t\t<\/div>\n\t\t\t\t<div class=\"elementor-element elementor-element-6af7797 elementor-widget elementor-widget-heading\" data-id=\"6af7797\" data-element_type=\"widget\" data-widget_type=\"heading.default\">\n\t\t\t\t<div class=\"elementor-widget-container\">\n\t\t\t\t\t<h2 class=\"elementor-heading-title elementor-size-default\">Reservation Form<\/h2>\t\t\t\t<\/div>\n\t\t\t\t<\/div>\n\t\t\t\t<div class=\"elementor-element elementor-element-6a3cc19 elementor-widget elementor-widget-mphbe-availability\" data-id=\"6a3cc19\" data-element_type=\"widget\" data-settings=\"{&quot;hide_labels&quot;:&quot;no&quot;,&quot;no_paddings&quot;:&quot;no&quot;,&quot;hide_tips&quot;:&quot;no&quot;,&quot;stretch_btn&quot;:&quot;no&quot;}\" data-widget_type=\"mphbe-availability.default\">\n\t\t\t\t<div class=\"elementor-widget-container\">\n\t\t\t\t\t<div class=\"mphb_sc_booking_form-wrapper is-direct-booking is-style-default \">\t<form method=\"POST\" action=\"https:\/\/cameralpina.ch\/de\/kasse\/\" class=\"mphb-booking-form mphb-booking-form--direct-booking\" id=\"booking-form-2776\" data-first_available_check_in_date=\"2026-05-01\">\n\n\t\t<p class=\"mphb-required-fields-tip\"><small>Erforderliche Felder werden gefolgt von <abbr title=\"required\">*<\/abbr><\/small><\/p>\n\t\t<input type=\"hidden\" id=\"mphb-checkout-nonce\" name=\"mphb-checkout-nonce\" value=\"eeee735ef4\" \/><input type=\"hidden\" name=\"_wp_http_referer\" value=\"\/de\/wp-json\/wp\/v2\/pages\/3108\" \/>\t\t\t\t<input type=\"hidden\" name=\"mphb_room_type_id\" value=\"2776\" \/>\n\t\t<p class=\"mphb-check-in-date-wrapper\">\n\t\t\t<label for=\"mphb_check_in_date-69f2538a912ce\">\n\t\t\t\tAnreisedatum\t\t\t\t<abbr title=\"Formatiert als dd\/mm\/yyyy\">*<\/abbr>\n\t\t\t<\/label>\n\t\t\t<br \/>\n\t\t\t<input id=\"mphb_check_in_date-69f2538a912ce\" type=\"text\" class=\"mphb-datepick\" value=\"\" required=\"required\" autocomplete=\"off\" placeholder=\"Anreisedatum\" inputmode=\"none\" \/>\n\t\t\t<input id=\"mphb_check_in_date-69f2538a912ce-hidden\" type=\"hidden\" name=\"mphb_check_in_date\" value=\"\" \/>\n\t\t<\/p>\n\t\t<p class=\"mphb-check-out-date-wrapper\">\n\t\t\t<label for=\"mphb_check_out_date-69f2538a912ce\">\n\t\t\t\tAbreisedatum\t\t\t\t<abbr title=\"Formatiert als dd\/mm\/yyyy\">*<\/abbr>\n\t\t\t<\/label>\n\t\t\t<br \/>\n\t\t\t<input id=\"mphb_check_out_date-69f2538a912ce\" type=\"text\" class=\"mphb-datepick\" value=\"\" required=\"required\" autocomplete=\"off\" placeholder=\"Abreisedatum\" inputmode=\"none\" \/>\n\t\t\t<input id=\"mphb_check_out_date-69f2538a912ce-hidden\" type=\"hidden\" name=\"mphb_check_out_date\" value=\"\" \/>\n\t\t<\/p>\n\t\t\t\t\t\t\t<div class=\"mphb-reserve-room-section mphb-hide\">\n\t\t\t\t<p class=\"mphb-rooms-quantity-wrapper mphb-rooms-quantity-multiple mphb-hide\">\n\t\t\t\t<select class=\"mphb-rooms-quantity\" id=\"mphb-rooms-quantity-2776\" name=\"mphb_rooms_details[2776]\"><option value=\"1\" selected=\"selected\">1<\/option><\/select> of <span class=\"mphb-available-rooms-count\">1<\/span> verf\u00fcgbare Unterk\u00fcnfte reservieren.\t\t\t\t<\/p>\n\t\t\t\t<p class=\"mphb-rooms-quantity-wrapper mphb-rooms-quantity-single mphb-hide\">\n\t\t\t\t\tRoom ist f\u00fcr ausgew\u00e4hlte Daten verf\u00fcgbar.\t\t\t\t<\/p>\n\t\t\t\t\t\t\t\t\t<p class=\"mphb-period-price mphb-regular-price mphb-hide\">\n\t\t\t\t\t\t<strong>Preis von:<\/strong>\n\t\t\t\t\t<\/p>\n\t\t\t\t\t\t\t\t<input type=\"hidden\" name=\"mphb_is_direct_booking\" value=\"1\" \/>\n\t\t\t\t<input class=\"button mphb-button mphb-confirm-reservation\" type=\"submit\" value=\"Reservierung best\u00e4tigen\" \/>\n\t\t\t<\/div>\n\t\t\n\t\t<div class=\"mphb-errors-wrapper mphb-hide\"><\/div>\n\t\t<p class=\"mphb-reserve-btn-wrapper\">\n\t\t\t<input class=\"mphb-reserve-btn button\" type=\"submit\" value=\"Verf\u00fcgbarkeit pr\u00fcfen\" \/>\n\t\t<\/p>\n\t<\/form>\n\t<\/div>\t\t\t\t<\/div>\n\t\t\t\t<\/div>\n\t\t\t\t<div class=\"elementor-element elementor-element-39fed1d elementor-widget-divider--view-line elementor-widget elementor-widget-divider\" data-id=\"39fed1d\" data-element_type=\"widget\" data-widget_type=\"divider.default\">\n\t\t\t\t<div class=\"elementor-widget-container\">\n\t\t\t\t\t\t\t<div class=\"elementor-divider\">\n\t\t\t<span class=\"elementor-divider-separator\">\n\t\t\t\t\t\t<\/span>\n\t\t<\/div>\n\t\t\t\t\t\t<\/div>\n\t\t\t\t<\/div>\n\t\t\t\t<div class=\"elementor-element elementor-element-9e0b0d4 elementor-widget elementor-widget-spacer\" data-id=\"9e0b0d4\" data-element_type=\"widget\" data-widget_type=\"spacer.default\">\n\t\t\t\t<div class=\"elementor-widget-container\">\n\t\t\t\t\t\t\t<div class=\"elementor-spacer\">\n\t\t\t<div class=\"elementor-spacer-inner\"><\/div>\n\t\t<\/div>\n\t\t\t\t\t\t<\/div>\n\t\t\t\t<\/div>\n\t\t\t\t\t<\/div>\n\t\t\t\t<\/div>\n\t\t<div class=\"elementor-element elementor-element-b9809b1 e-flex e-con-boxed e-con e-parent\" data-id=\"b9809b1\" data-element_type=\"container\">\n\t\t\t\t\t<div class=\"e-con-inner\">\n\t\t<div class=\"elementor-element elementor-element-310421b e-con-full e-flex e-con e-child\" data-id=\"310421b\" data-element_type=\"container\" data-settings=\"{&quot;background_background&quot;:&quot;classic&quot;}\">\n\t\t\t\t<div class=\"elementor-element elementor-element-be2fba6 elementor-widget elementor-widget-text-editor\" data-id=\"be2fba6\" data-element_type=\"widget\" data-widget_type=\"text-editor.default\">\n\t\t\t\t<div class=\"elementor-widget-container\">\n\t\t\t\t\t\t\t\t\t<p>Das <strong>ALPINE ZIMMER<\/strong> eignet sich f\u00fcr <strong>kurze Aufenthalte<\/strong> von ein oder zwei (eventuell drei) N\u00e4chten w\u00e4hrend der Sommersaison, ungef\u00e4hr <strong>vom 1. Mai bis 15. Oktober.<\/strong><\/p>\n<p><strong>Nach erfolgter Bezahlung ist die Buchung verbindlich und kann nicht mehr storniert oder r\u00fcckverg\u00fctet werden.<\/strong> Sollten sich Ihre Pl\u00e4ne \u00e4ndern, bitten wir Sie, uns zu kontaktieren, damit wir allenfalls nach einer alternativen L\u00f6sung suchen k\u00f6nnen.<\/p>\n<p>Preis pro Nacht <strong>CHF 150\/200. pro Nacht<\/strong> Preis <strong>30 Franken<\/strong> Zuschlag bei Nutzung des Schlafsofas.<\/p>\n<p>Im Preis des <strong>ZIMMERS<\/strong> ist die Kurtaxe nicht inbegriffen. Diese muss vor Ort bezahlt werden.<\/p>\n<p><strong>CHECK-IN<\/strong>: von 15.00 bis 20.00 Uhr \/ <strong>CHECK OUT<\/strong>: bis 11.00 Uhr.<\/p>\n<p>Sonderw\u00fcnsche nehmen wir gerne per E-Mail <strong>(info@lafroda.ch)<\/strong> oder per Telefon (<strong>0041 91 754 11 81 \/ 0041 79 230 94 79<\/strong>) entgegen. <\/p>\n\t\t\t\t\t\t\t\t<\/div>\n\t\t\t\t<\/div>\n\t\t\t\t<\/div>\n\t\t\t\t\t<\/div>\n\t\t\t\t<\/div>\n\t\t<div class=\"elementor-element elementor-element-d0be9ec e-flex e-con-boxed e-con e-parent\" data-id=\"d0be9ec\" data-element_type=\"container\">\n\t\t\t\t\t<div class=\"e-con-inner\">\n\t\t\t\t<div class=\"elementor-element elementor-element-864bfc5 elementor-widget elementor-widget-spacer\" data-id=\"864bfc5\" data-element_type=\"widget\" data-widget_type=\"spacer.default\">\n\t\t\t\t<div class=\"elementor-widget-container\">\n\t\t\t\t\t\t\t<div class=\"elementor-spacer\">\n\t\t\t<div class=\"elementor-spacer-inner\"><\/div>\n\t\t<\/div>\n\t\t\t\t\t\t<\/div>\n\t\t\t\t<\/div>\n\t\t\t\t\t<\/div>\n\t\t\t\t<\/div>\n\t\t\t\t<\/div>\n\t\t","protected":false},"excerpt":{"rendered":"<p>Alpines ZIMMER ZIMMER Reservation Form I campi obbligatori sono seguiti da * Data di arrivo * Data di partenza * Prenota1di 1 alloggi disponibili. Room \u00e8 disponibile per le date selezionate. Prezzo a partire da: Das ALPINE ZIMMER eignet sich f\u00fcr kurze Aufenthalte von ein oder zwei (eventuell drei) N\u00e4chten w\u00e4hrend der Sommersaison, ungef\u00e4hr vom [&hellip;]<\/p>\n","protected":false},"author":3,"featured_media":0,"parent":0,"menu_order":0,"comment_status":"closed","ping_status":"closed","template":"","meta":{"site-sidebar-layout":"no-sidebar","site-content-layout":"page-builder","ast-site-content-layout":"full-width-container","site-content-style":"unboxed","site-sidebar-style":"unboxed","ast-global-header-display":"","ast-banner-title-visibility":"","ast-main-header-display":"","ast-hfb-above-header-display":"","ast-hfb-below-header-display":"","ast-hfb-mobile-header-display":"","site-post-title":"disabled","ast-breadcrumbs-content":"","ast-featured-img":"disabled","footer-sml-layout":"","theme-transparent-header-meta":"enabled","adv-header-id-meta":"","stick-header-meta":"default","header-above-stick-meta":"","header-main-stick-meta":"","header-below-stick-meta":"","astra-migrate-meta-layouts":"set","ast-page-background-enabled":"default","ast-page-background-meta":{"desktop":{"background-color":"var(--ast-global-color-4)","background-image":"","background-repeat":"repeat","background-position":"center center","background-size":"auto","background-attachment":"scroll","background-type":"","background-media":"","overlay-type":"","overlay-color":"","overlay-gradient":""},"tablet":{"background-color":"","background-image":"","background-repeat":"repeat","background-position":"center center","background-size":"auto","background-attachment":"scroll","background-type":"","background-media":"","overlay-type":"","overlay-color":"","overlay-gradient":""},"mobile":{"background-color":"","background-image":"","background-repeat":"repeat","background-position":"center center","background-size":"auto","background-attachment":"scroll","background-type":"","background-media":"","overlay-type":"","overlay-color":"","overlay-gradient":""}},"ast-content-background-meta":{"desktop":{"background-color":"var(--ast-global-color-5)","background-image":"","background-repeat":"repeat","background-position":"center center","background-size":"auto","background-attachment":"scroll","background-type":"","background-media":"","overlay-type":"","overlay-color":"","overlay-gradient":""},"tablet":{"background-color":"var(--ast-global-color-5)","background-image":"","background-repeat":"repeat","background-position":"center center","background-size":"auto","background-attachment":"scroll","background-type":"","background-media":"","overlay-type":"","overlay-color":"","overlay-gradient":""},"mobile":{"background-color":"var(--ast-global-color-5)","background-image":"","background-repeat":"repeat","background-position":"center center","background-size":"auto","background-attachment":"scroll","background-type":"","background-media":"","overlay-type":"","overlay-color":"","overlay-gradient":""}},"footnotes":""},"class_list":["post-3108","page","type-page","status-publish","hentry"],"yoast_head":"<!-- This site is optimized with the Yoast SEO plugin v25.0 - https:\/\/yoast.com\/wordpress\/plugins\/seo\/ -->\n<title>Buchen sie jetzt ihre Unterkunft in Foroglio| Das Alpine Zimmer<\/title>\n<meta name=\"description\" content=\"Buchen Sie Ihre Unterkunft in Foroglio im Alpinen Zimmer. Geniessen Sie eine \u00dcbernachtung, mitten in der Natur des Val Bavona.\" \/>\n<meta name=\"robots\" content=\"index, follow, max-snippet:-1, max-image-preview:large, max-video-preview:-1\" \/>\n<link rel=\"canonical\" href=\"https:\/\/cameralpina.ch\/de\/buchen-2\/\" \/>\n<meta property=\"og:locale\" content=\"de_DE\" \/>\n<meta property=\"og:type\" content=\"article\" \/>\n<meta property=\"og:title\" content=\"Buchen sie jetzt ihre Unterkunft in Foroglio| Das Alpine Zimmer\" \/>\n<meta property=\"og:description\" content=\"Buchen Sie Ihre Unterkunft in Foroglio im Alpinen Zimmer. Geniessen Sie eine \u00dcbernachtung, mitten in der Natur des Val Bavona.\" \/>\n<meta property=\"og:url\" content=\"https:\/\/cameralpina.ch\/de\/buchen-2\/\" \/>\n<meta property=\"og:site_name\" content=\"La Camera Alpina\" \/>\n<meta property=\"article:modified_time\" content=\"2025-02-07T10:53:37+00:00\" \/>\n<meta name=\"twitter:card\" content=\"summary_large_image\" \/>\n<meta name=\"twitter:label1\" content=\"Gesch\u00e4tzte Lesezeit\" \/>\n\t<meta name=\"twitter:data1\" content=\"1\u00a0Minute\" \/>\n<script type=\"application\/ld+json\" class=\"yoast-schema-graph\">{\"@context\":\"https:\/\/schema.org\",\"@graph\":[{\"@type\":\"WebPage\",\"@id\":\"https:\/\/cameralpina.ch\/de\/buchen-2\/\",\"url\":\"https:\/\/cameralpina.ch\/de\/buchen-2\/\",\"name\":\"Buchen sie jetzt ihre Unterkunft in Foroglio| Das Alpine Zimmer\",\"isPartOf\":{\"@id\":\"https:\/\/cameralpina.ch\/de\/#website\"},\"datePublished\":\"2024-03-28T12:03:52+00:00\",\"dateModified\":\"2025-02-07T10:53:37+00:00\",\"description\":\"Buchen Sie Ihre Unterkunft in Foroglio im Alpinen Zimmer. Geniessen Sie eine \u00dcbernachtung, mitten in der Natur des Val Bavona.\",\"breadcrumb\":{\"@id\":\"https:\/\/cameralpina.ch\/de\/buchen-2\/#breadcrumb\"},\"inLanguage\":\"de\",\"potentialAction\":[{\"@type\":\"ReadAction\",\"target\":[\"https:\/\/cameralpina.ch\/de\/buchen-2\/\"]}]},{\"@type\":\"BreadcrumbList\",\"@id\":\"https:\/\/cameralpina.ch\/de\/buchen-2\/#breadcrumb\",\"itemListElement\":[{\"@type\":\"ListItem\",\"position\":1,\"name\":\"Home\",\"item\":\"https:\/\/cameralpina.ch\/de\/\"},{\"@type\":\"ListItem\",\"position\":2,\"name\":\"BUCHEN\"}]},{\"@type\":\"WebSite\",\"@id\":\"https:\/\/cameralpina.ch\/de\/#website\",\"url\":\"https:\/\/cameralpina.ch\/de\/\",\"name\":\"La Camera Alpina\",\"description\":\"\",\"publisher\":{\"@id\":\"https:\/\/cameralpina.ch\/de\/#organization\"},\"potentialAction\":[{\"@type\":\"SearchAction\",\"target\":{\"@type\":\"EntryPoint\",\"urlTemplate\":\"https:\/\/cameralpina.ch\/de\/?s={search_term_string}\"},\"query-input\":{\"@type\":\"PropertyValueSpecification\",\"valueRequired\":true,\"valueName\":\"search_term_string\"}}],\"inLanguage\":\"de\"},{\"@type\":\"Organization\",\"@id\":\"https:\/\/cameralpina.ch\/de\/#organization\",\"name\":\"La Camera Alpina\",\"url\":\"https:\/\/cameralpina.ch\/de\/\",\"logo\":{\"@type\":\"ImageObject\",\"inLanguage\":\"de\",\"@id\":\"https:\/\/cameralpina.ch\/de\/#\/schema\/logo\/image\/\",\"url\":\"https:\/\/cameralpina.ch\/wp-content\/uploads\/2021\/11\/logo-camera-alpina.png\",\"contentUrl\":\"https:\/\/cameralpina.ch\/wp-content\/uploads\/2021\/11\/logo-camera-alpina.png\",\"width\":451,\"height\":191,\"caption\":\"La Camera Alpina\"},\"image\":{\"@id\":\"https:\/\/cameralpina.ch\/de\/#\/schema\/logo\/image\/\"}}]}<\/script>\n<!-- \/ Yoast SEO plugin. -->","yoast_head_json":{"title":"Buchen sie jetzt ihre Unterkunft in Foroglio| Das Alpine Zimmer","description":"Buchen Sie Ihre Unterkunft in Foroglio im Alpinen Zimmer. Geniessen Sie eine \u00dcbernachtung, mitten in der Natur des Val Bavona.","robots":{"index":"index","follow":"follow","max-snippet":"max-snippet:-1","max-image-preview":"max-image-preview:large","max-video-preview":"max-video-preview:-1"},"canonical":"https:\/\/cameralpina.ch\/de\/buchen-2\/","og_locale":"de_DE","og_type":"article","og_title":"Buchen sie jetzt ihre Unterkunft in Foroglio| Das Alpine Zimmer","og_description":"Buchen Sie Ihre Unterkunft in Foroglio im Alpinen Zimmer. Geniessen Sie eine \u00dcbernachtung, mitten in der Natur des Val Bavona.","og_url":"https:\/\/cameralpina.ch\/de\/buchen-2\/","og_site_name":"La Camera Alpina","article_modified_time":"2025-02-07T10:53:37+00:00","twitter_card":"summary_large_image","twitter_misc":{"Gesch\u00e4tzte Lesezeit":"1\u00a0Minute"},"schema":{"@context":"https:\/\/schema.org","@graph":[{"@type":"WebPage","@id":"https:\/\/cameralpina.ch\/de\/buchen-2\/","url":"https:\/\/cameralpina.ch\/de\/buchen-2\/","name":"Buchen sie jetzt ihre Unterkunft in Foroglio| Das Alpine Zimmer","isPartOf":{"@id":"https:\/\/cameralpina.ch\/de\/#website"},"datePublished":"2024-03-28T12:03:52+00:00","dateModified":"2025-02-07T10:53:37+00:00","description":"Buchen Sie Ihre Unterkunft in Foroglio im Alpinen Zimmer. Geniessen Sie eine \u00dcbernachtung, mitten in der Natur des Val Bavona.","breadcrumb":{"@id":"https:\/\/cameralpina.ch\/de\/buchen-2\/#breadcrumb"},"inLanguage":"de","potentialAction":[{"@type":"ReadAction","target":["https:\/\/cameralpina.ch\/de\/buchen-2\/"]}]},{"@type":"BreadcrumbList","@id":"https:\/\/cameralpina.ch\/de\/buchen-2\/#breadcrumb","itemListElement":[{"@type":"ListItem","position":1,"name":"Home","item":"https:\/\/cameralpina.ch\/de\/"},{"@type":"ListItem","position":2,"name":"BUCHEN"}]},{"@type":"WebSite","@id":"https:\/\/cameralpina.ch\/de\/#website","url":"https:\/\/cameralpina.ch\/de\/","name":"La Camera Alpina","description":"","publisher":{"@id":"https:\/\/cameralpina.ch\/de\/#organization"},"potentialAction":[{"@type":"SearchAction","target":{"@type":"EntryPoint","urlTemplate":"https:\/\/cameralpina.ch\/de\/?s={search_term_string}"},"query-input":{"@type":"PropertyValueSpecification","valueRequired":true,"valueName":"search_term_string"}}],"inLanguage":"de"},{"@type":"Organization","@id":"https:\/\/cameralpina.ch\/de\/#organization","name":"La Camera Alpina","url":"https:\/\/cameralpina.ch\/de\/","logo":{"@type":"ImageObject","inLanguage":"de","@id":"https:\/\/cameralpina.ch\/de\/#\/schema\/logo\/image\/","url":"https:\/\/cameralpina.ch\/wp-content\/uploads\/2021\/11\/logo-camera-alpina.png","contentUrl":"https:\/\/cameralpina.ch\/wp-content\/uploads\/2021\/11\/logo-camera-alpina.png","width":451,"height":191,"caption":"La Camera Alpina"},"image":{"@id":"https:\/\/cameralpina.ch\/de\/#\/schema\/logo\/image\/"}}]}},"_links":{"self":[{"href":"https:\/\/cameralpina.ch\/de\/wp-json\/wp\/v2\/pages\/3108","targetHints":{"allow":["GET"]}}],"collection":[{"href":"https:\/\/cameralpina.ch\/de\/wp-json\/wp\/v2\/pages"}],"about":[{"href":"https:\/\/cameralpina.ch\/de\/wp-json\/wp\/v2\/types\/page"}],"author":[{"embeddable":true,"href":"https:\/\/cameralpina.ch\/de\/wp-json\/wp\/v2\/users\/3"}],"replies":[{"embeddable":true,"href":"https:\/\/cameralpina.ch\/de\/wp-json\/wp\/v2\/comments?post=3108"}],"version-history":[{"count":8,"href":"https:\/\/cameralpina.ch\/de\/wp-json\/wp\/v2\/pages\/3108\/revisions"}],"predecessor-version":[{"id":3443,"href":"https:\/\/cameralpina.ch\/de\/wp-json\/wp\/v2\/pages\/3108\/revisions\/3443"}],"wp:attachment":[{"href":"https:\/\/cameralpina.ch\/de\/wp-json\/wp\/v2\/media?parent=3108"}],"curies":[{"name":"wp","href":"https:\/\/api.w.org\/{rel}","templated":true}]}}